{"id":990,"date":"2020-02-11T11:42:32","date_gmt":"2020-02-11T11:42:32","guid":{"rendered":"https:\/\/demo.gloriathemes.com\/noxe\/demo\/?page_id=990"},"modified":"2024-09-17T09:13:32","modified_gmt":"2024-09-17T09:13:32","slug":"movie","status":"publish","type":"page","link":"https:\/\/arsenie.viatadeapoi.ro\/?page_id=990","title":{"rendered":"Festivaluri&#038;Proiec\u021bii"},"content":{"rendered":"<section class=\"wpb-content-wrapper\"><p>[vc_row full_width=&#8221;stretch_row_content&#8221; background-position=&#8221;top-center&#8221; css=&#8221;.vc_custom_1688981391642{background-image: url(https:\/\/arsenie.viatadeapoi.ro\/wp-content\/uploads\/2023\/07\/Arsenie_Viata-de-Apoi_Foto-Schimbarea-2.jpg?id=4105) !important;}&#8221;][vc_column background-position=&#8221;right-bottom&#8221; css=&#8221;.vc_custom_1688980567861{padding-top: 35vh !important;}&#8221;]<div class=\"gt-heading gt-custom gt-dark gt-align-center\"><div class=\"gt-subtitle\" style=\"font-size: 30px;margin: 0 0 40px;color: #eae3dc;\">un film de Alexandru Solomon<\/div><h1 class=\"gt-title\" style=\"font-size: 100px;margin: 0px;color: #ffffff;\">ARSENIE. VIA\u021aA DE APOI<\/h1><p class=\"gt-text\" style=\"font-size: 30px;color: #ff0000;margin: 0 0 60px;\">disponibil pe vimeo-on-demand<\/p><\/div><div class=\"gt-button gt-style-2 gt-block gt-dark gt-align-center\"><a href=\"https:\/\/vimeo.com\/ondemand\/arsenieviaadeapoi\" target=\"_blank\">CLICK HERE TO WATCH THE FILM ON VIMEO<\/a><\/div>[\/vc_column][\/vc_row][vc_row full_width=&#8221;stretch_row_content_no_spaces&#8221; background-position=&#8221;top-center&#8221; css=&#8221;.vc_custom_1691416183816{margin-top: -20px !important;border-top-width: -10px !important;padding-top: -10px !important;background: #a88219 url(https:\/\/demo.gloriathemes.com\/noxe\/demo\/wp-content\/uploads\/2020\/02\/movie-footer.png?id=1181) !important;background-position: center !important;background-repeat: no-repeat !important;background-size: cover !important;}&#8221;][vc_column css=&#8221;.vc_custom_1693305198521{margin-top: -3vh !important;border-top-width: -5vh !important;padding-top: -5vh !important;}&#8221;]<div class=\"gt-button gt-style-2 gt-block gt-light gt-align-center\"><a href=\"https:\/\/eventbook.ro\/film\/bilete-arsenie-viata-de-apoi\" target=\"_blank\">Click aici pentru toate proiectiile din tara \/ All screenings have English subtitles<\/a><\/div><div class=\"gt-button gt-style-4 gt-block gt-dark gt-align-center\"><a href=\"https:\/\/m.cinemagia.ro\/filme\/arsenie-viata-de-apoi-3267541\/\" target=\"_blank\">Aici pentru proiectiile din Bucuresti<\/a><\/div>[vc_row_inner content_placement=&#8221;top&#8221; width=&#8221;narrow&#8221; css=&#8221;.vc_custom_1693304241880{margin-bottom: 285px !important;}&#8221; el_id=&#8221;Proiectii Bucuresti&#8221;][vc_column_inner css=&#8221;.vc_custom_1689511061971{padding-top: -5vh !important;}&#8221;]<div class=\"gt-cinema-listing gt-style-1 gt-dark\"><ul><li><div class=\"gt-inner\"><div class=\"gt-date\">29-31.05.2024<\/div><div class=\"gt-cinema-name\">Krakow Film Festival<\/div><div class=\"gt-address\">Krakow<\/div><div class=\"gt-button gt-style-4 gt-dark\"><a href=\"https:\/\/www.krakowfilmfestival.pl\/en\/film\/4260-arsenie-an-amazing-afterlife\/?64\" target=\"_blank\">Festival Page<\/a><\/div><\/div><\/li><li><div class=\"gt-inner\"><div class=\"gt-date\">23.05.2024<\/div><div class=\"gt-cinema-name\">BELDOCS Int&#039;l Festival<\/div><div class=\"gt-address\">Belgrade<\/div><div class=\"gt-button gt-style-4 gt-dark\"><a href=\"https:\/\/www.beldocs.rs\/en\/product\/arsenie-an-amazing-afterlife\/\" target=\"_blank\">Festival Page<\/a><\/div><\/div><\/li><li><div class=\"gt-inner\"><div class=\"gt-date\">18-19.04.2024<\/div><div class=\"gt-cinema-name\">Zagreb Dox<\/div><div class=\"gt-address\">Zagreb<\/div><div class=\"gt-button gt-style-4 gt-dark\"><a href=\"https:\/\/zagrebdox.net\/en\/film\/arsenijev-sjajan-zagrobni-zivot\" target=\"_blank\">Festival Page<\/a><\/div><\/div><\/li><li><div class=\"gt-inner\"><div class=\"gt-date\">3.03.2024<\/div><div class=\"gt-cinema-name\">IDFF ARTDOCFEST \/ RIGA<\/div><div class=\"gt-address\">Riga<\/div><div class=\"gt-button gt-style-4 gt-dark\"><a href=\"https:\/\/artdocfest.com\/en\/movie\/15033\/\" target=\"_blank\">Festival Page<\/a><\/div><\/div><\/li><li><div class=\"gt-inner\"><div class=\"gt-date\">18.02.2024<\/div><div class=\"gt-cinema-name\">Cinema Muzeul Taranului<\/div><div class=\"gt-address\">Bucuresti<\/div><div class=\"gt-button gt-style-4 gt-dark\"><a href=\"https:\/\/eventbook.ro\/film\/bilete-arsenie-viata-de-apoi?hall=cinema-muzeul-taranului-studio-horia-bernea\" target=\"_blank\">Cump\u0103r\u0103 bilet<\/a><\/div><\/div><\/li><li><div class=\"gt-inner\"><div class=\"gt-date\">25.11.2023<\/div><div class=\"gt-cinema-name\">Cinema Muzeul Taranului<\/div><div class=\"gt-address\">Bucuresti<\/div><div class=\"gt-button gt-style-4 gt-dark\"><a href=\"https:\/\/eventbook.ro\/film\/bilete-arsenie-viata-de-apoi?hall=cinema-muzeul-taranului-studio-horia-bernea\" target=\"_blank\">Cump\u0103r\u0103 bilet<\/a><\/div><\/div><\/li><li><div class=\"gt-inner\"><div class=\"gt-date\">18 si 19.11.2023<\/div><div class=\"gt-cinema-name\">Cinema Ion Besoiu<\/div><div class=\"gt-address\">Sibiu<\/div><div class=\"gt-button gt-style-4 gt-dark\"><a href=\"https:\/\/eventbook.ro\/film\/bilete-arsenie-viata-de-apoi?hall=centrul-cultural-ion-besoiu\" target=\"_blank\">Cump\u0103r\u0103 bilet<\/a><\/div><\/div><\/li><li><div class=\"gt-inner\"><div class=\"gt-date\">25 and 27.11.2023<\/div><div class=\"gt-cinema-name\">Verzio Film Festival<\/div><div class=\"gt-address\">Budapest<\/div><div class=\"gt-button gt-style-4 gt-dark\"><a href=\"https:\/\/www.verzio.org\/en\/2023\/catalog\/viewfinder\" target=\"_blank\">Festival Page<\/a><\/div><\/div><\/li><li><div class=\"gt-inner\"><div class=\"gt-date\">9, 11, 12, 15 and 18.11.2023<\/div><div class=\"gt-cinema-name\">Int&#039;l Documentary Festival<\/div><div class=\"gt-address\">Amsterdam<\/div><div class=\"gt-button gt-style-4 gt-dark\"><a href=\"https:\/\/festival.idfa.nl\/en\/section\/66ed2253-f19f-4763-a6cc-dcd70fb3fb79\/Signed\/\" target=\"_blank\">Festival Page<\/a><\/div><\/div><\/li><\/ul><\/div>[\/vc_column_inner][\/vc_row_inner][vc_row_inner content_placement=&#8221;top&#8221; width=&#8221;narrow&#8221; css=&#8221;.vc_custom_1689511341217{margin-top: -15vh !important;margin-bottom: 105px !important;padding-top: -15vh !important;}&#8221;][vc_column_inner css=&#8221;.vc_custom_1689511247807{padding-top: -20vh !important;}&#8221;]<div class=\"gt-service-boxes gt-style-4 gt-dark\"><div class=\"gt-grid gt-grid-4 gt-spacing-55\"><div class=\"gt-grid-col\"><div class=\"gt-item gt-align-center\"><div class=\"gt-subtitle\">Verzio FF Budapest<\/div><div class=\"gt-title\"><a href=\"https:\/\/www.verzio.org\/en\/2023\/catalog\/viewfinder\" target=\"_blank\">25 November 2023<\/a><\/div><p>\u201eFollowing the v\u00e9rit\u00e9 legacy of Jean Rouch, among others, documentary filmmakers increasingly make the very filmmaking their focus of analysis and engagement (Arsenie. An Amazing Afterlife, The Other Profile, Dancing on the Edge of a Volcano). Such experiments allow for novel, performative approaches which explore coexisting, plural takes on the world as well as prompt the audience to reflect on the multitudes of filming possibilities and ways of transforming reality into images.\u201d<\/p>\n<\/div><\/div><div class=\"gt-grid-col\"><div class=\"gt-item gt-align-center\"><div class=\"gt-subtitle\">IDFA Amsterdam<\/div><div class=\"gt-title\"><a href=\"https:\/\/festival.idfa.nl\/en\/section\/66ed2253-f19f-4763-a6cc-dcd70fb3fb79\/Signed\/\" target=\"_blank\">9 November 2023<\/a><\/div><p>The film will be screened as part of the \u201eSigned\u201d section, which includes \u201eThe latest films by the most interesting contemporary filmmakers whose filmographies we highly appreciate, and for whose work we wait with excitement.\u201d<\/p>\n<\/div><\/div><div class=\"gt-grid-col\"><div class=\"gt-item gt-align-center\"><div class=\"gt-subtitle\">Seminci Valladolid<\/div><div class=\"gt-title\"><a href=\"https:\/\/www.seminci.com\/en\/peliculas\/arsenie-an-amazing-afterlife\/\" target=\"_blank\">22 October 2023<\/a><\/div><p>The film was screened as part of the Time of History section, which includes \u201eproposals that reformulate the postulates of the documentary being on the border between reality and fiction. An exploration of the possibilities of the genre that embrace different and audacious aesthetic approaches based on archival materials, live films and reconstruction of past events.\u201d<\/p>\n<\/div><\/div><div class=\"gt-grid-col\"><div class=\"gt-item gt-align-center\"><div class=\"gt-subtitle\">Astra Film Festival<\/div><div class=\"gt-title\"><a href=\"https:\/\/fb.watch\/nTUOB6yFJi\/\" target=\"_blank\">17 Octombrie 2023<\/a><\/div><p>\u201eFebrilitatea care a \u00eenso\u021bit evenimentul din cadrul celei de-a 30-a edi\u021bii a Astra Film Fest, venit\u0103 din \u00eencercarea e\u0219uat\u0103 a Arhiepiscopiei Sibiu de a interzice proiec\u021bia filmului, s-a stins \u00eentr-o dezbatere calm\u0103 la care p\u00e2n\u0103 \u0219i preotul Nicolae Zian Streza din R\u0103\u0219inari, care a stat \u00een primul r\u00e2nd, l-a felicitat pe regizorul Alexandru Solomon.\u201d(Iulia Blaga)<\/p>\n<\/div><\/div><div class=\"gt-grid-col\"><div class=\"gt-item gt-align-center\"><div class=\"gt-subtitle\">CinEast Festival Luxembourg<\/div><div class=\"gt-title\"><a href=\"https:\/\/www.cineast.lu\/2023\/en\/programme-detail.html?id_filmy=8\" target=\"_blank\">16 October 2023<\/a><\/div><p>\u201eStill, this is a film that does say a lot about this country\u2019s present, as fractured as it is, and Solomon\u2019s willingness to (considerately) tackle a topic this thorny is brave and necessary. These are clich\u00e9 words but most fitting here. The reactions have been pouring indeed, from positive to negative (to put it mildly). I have to confess I had expected more of the latter. A look at the director\u2019s Facebook page shows enough of them to get a sense of the commotion and discussions Arsenie has caused. Well done.\u201d (Ioana Moldovan \/ Romania Insider)<\/p>\n<\/div><\/div><div class=\"gt-grid-col\"><div class=\"gt-item gt-align-center\"><div class=\"gt-subtitle\">Eforie Colorat<\/div><div class=\"gt-title\"><a href=\"https:\/\/e-zeppelin.ro\/cu-arsenie-boca-pe-litoral-si-viata-lui-de-apoi-printre-noi\/\" target=\"_blank\">25 August 2023<\/a><\/div><p>\u201eM\u0103 bucur foarte mult c\u0103 filmul meu va fi proiectat la Eforie Colorat, \u00eentr-o gr\u0103din\u0103 de var\u0103, la malul m\u0103rii. Pentru c\u0103 icoana lui Arsenie este ea \u00eens\u0103\u0219i una viu colorat\u0103, enigmatic\u0103 \u0219i plin\u0103 de contradic\u021bii. Ea promite tot felul de lucruri; \u0219i unde altundeva dec\u00e2t \u00een vacan\u021b\u0103, pe malul m\u0103rii, suntem mai dispu\u0219i s\u0103 vis\u0103m, dar \u0219i s\u0103 ne reset\u0103m un pic via\u021ba, s\u0103 ie\u0219im din rutina \u00eencr\u00e2ncenat\u0103 \u0219i, deseori, ira\u021bional\u0103 a existen\u021bei de zi cu zi din restul anului?\u201d (Alexandru Solomon)<\/p>\n<\/div><\/div><div class=\"gt-grid-col\"><div class=\"gt-item gt-align-center\"><div class=\"gt-subtitle\">Festivalul de Film si Istorii, R\u00e2\u0219nov<\/div><div class=\"gt-title\"><a href=\"https:\/\/www.ffir.ro\/ro\/filme\/arsenie-viaa-de-apoi\/\" target=\"_blank\">23 August 2023<\/a><\/div><p>Festivalul de Film \u0219i Istorii de la R\u00e2\u0219nov (FFIR) a ap\u0103rut \u00een anul 2009 din dorin\u021ba valorific\u0103rii unui capitol important al cinematografiei locale \u0219i mondiale, dar \u0219i din nevoia de a produce \u00een spa\u021biul public rom\u00e2nesc discu\u021bii despre teme al c\u0103ror impact temporal dep\u0103\u0219este efemeritatea clipei.<\/p>\n<\/div><\/div><div class=\"gt-grid-col\"><div class=\"gt-item gt-align-center\"><div class=\"gt-subtitle\">Festivalul Anonimul, Sfintu Gheorghe<\/div><div class=\"gt-title\"><a href=\"https:\/\/www.libertatea.ro\/entertainment\/festival-anonimul-sfantu-gheorghe-arsenie-boca-4638136\" target=\"_blank\">15 August 2023<\/a><\/div><p>\u201eE rar s\u0103 vezi cum o mul\u021bime de zeci de oameni a\u0219teapt\u0103 s\u0103 intre la un film documentar \u0219i cum, dup\u0103 umplerea s\u0103lii de cinema, inclusiv a locurilor de jos, de pe trepte, \u00eenc\u0103 r\u0103m\u00e2n bun\u0103 parte din ei pe dinafar\u0103. \u00cens\u0103 exact asta s-a \u00eent\u00e2mplat mar\u021bi, c\u00e2nd a fost proiectat \u201cArsenie. Via\u021ba de apoi\u201d, cel mai recent documentar al lui Alexandru Solomon.\u201d<br \/>\nCite\u015fte \u00eentreaga \u015ftire: Coresponden\u021b\u0103 de la Festivalul ANONIMUL.<\/p>\n<\/div><\/div><div class=\"gt-grid-col\"><div class=\"gt-item gt-align-center\"><div class=\"gt-subtitle\">Serile Filmului Rom\u00e2nesc, Ia\u0219i<\/div><div class=\"gt-title\"><a href=\"https:\/\/festivalsfr.ro\/arsenie-viata-de-apoi-2023\/\" target=\"_blank\">12 August 2023<\/a><\/div><p>\u201eArsenie. Via\u021ba de apoi\u201d a fost prezentat pe 12 august la Cinema Ateneu din Ia\u0219i, \u00een cadrul Serilor Filmului Rom\u00e2nesc.<\/p>\n<\/div><\/div><div class=\"gt-grid-col\"><div class=\"gt-item gt-align-center\"><div class=\"gt-subtitle\">DokuFest, Prizren, Kosovo<\/div><div class=\"gt-title\"><a href=\"https:\/\/dokufest.com\/en\/news\/dokufest-announces-films-in-competitions\" target=\"_blank\">9 August 2023<\/a><\/div><p>\"Arsenie: An amazing afterlife\" from communist horror to superstition. \/ \u201eThe long documentary film, which was shown to the local public for the first time at the international festival of documentaries and short films \"DokuFest\", tells about people who idolize one man - Arsenie Boca.\u201d (from www.koha.net)<\/p>\n<\/div><\/div><div class=\"gt-grid-col\"><div class=\"gt-item gt-align-center\"><div class=\"gt-subtitle\">Ceau, Cinema! Timi\u0219oara<\/div><div class=\"gt-title\"><a href=\"https:\/\/adevarul.ro\/stiri-locale\/timisoara\/arsenie-boca-intre-hate-si-love-un-nou-film-2284513.html#google_vignette\" target=\"_blank\">16 Iulie 2023<\/a><\/div><p>\u201eCinematograful Victioria a fost plin la filmul \u201eArsenie. Via\u0163a de apoi\u201d, care a rulat \u00een cadrul festivalului Ceau, Cinema! \u00cen public au fost \u0219i oamenii care cred \u00een cultul lui Arsenie Boca, dar \u0219i spectatori pentru care efectiv nu le spune nimic existan\u021ba c\u0103lug\u0103rului, pentru care filmul a fost cumva o tragi-comedie. Discu\u021biile au fost lungi dup\u0103 vizionarea filmului.\u201d (citeste articolul lui Stefan Both din Adevarul)<\/p>\n<\/div><\/div><div class=\"gt-grid-col\"><div class=\"gt-item gt-align-center\"><div class=\"gt-subtitle\">Karlovy Vary<\/div><div class=\"gt-title\"><a href=\"https:\/\/kviff.tv\/en\/video\/2181-arsenie-an-amazing-afterlife-in-the-footsteps-of-a-romanian-mystic\" target=\"_blank\">2 July 2023<\/a><\/div><p>The international premiere took place in the KVIFF, in the Proxima Competition. In the words of Lenka Tyrpakova - one of the programmers of the festival - \u201ethe great thing about the film is that it isn't at all local, through the testimonies of the protagonists we learn so much about the current world, about how the media manipulates information\u201d. Check the Curator's Choice talk on the film in the above link.<\/p>\n<\/div><\/div><div class=\"gt-grid-col\"><div class=\"gt-item gt-align-center\"><div class=\"gt-subtitle\">TIFF Cluj<\/div><div class=\"gt-title\"><a href=\"https:\/\/tiff.ro\/sites\/default\/files\/aperitiff23_08_online.pdf\" target=\"_blank\">16 Iunie 2023<\/a><\/div><p>Filmul a avut avanpremiera na\u021bional\u0103 la TIFF. A doua zi, festivalul a programat o discu\u021bie intitulat\u0103 \u201eOra de religie\u201d, pornind de la filmele \u201eSo\u021bul meu musulman\u201d \u0219i \u201eArsenie. Via\u021ba de apoi\u201d, dezbatere moderat\u0103 de Mihnea M\u0103ru\u021b\u0103. Bogdan-Andrei Lungu scria \u00een Aperitiff c\u0103 \u201eSolomon trateaz\u0103 cu respect ace\u0219ti credincio\u0219i, dar la final concede faptul c\u0103 un r\u0103spuns final despre fascina\u021bia fa\u021b\u0103 de Arsenie Boca nu poate fi g\u0103sit. Poate c\u0103 r\u0103spunsul este de g\u0103sit, doar c\u0103 acesta este, de fapt, greu de acceptat.\u201d<\/p>\n<\/div><\/div><\/div><\/div>[\/vc_column_inner][\/vc_row_inner][vc_separator color=&#8221;custom&#8221; style=&#8221;double&#8221; accent_color=&#8221;rgba(255,255,255,0.2)&#8221; css=&#8221;.vc_custom_1693314471063{margin-bottom: 0px !important;}&#8221;]<div class=\"gt-video-player gt-style-1 gt-background-position-center-center gt-background-attachment-scroll gt-background-size-cover gt-background-repeat-no-repeat\" style=\"height: 60vh; background-image:url(https:\/\/arsenie.viatadeapoi.ro\/wp-content\/uploads\/2023\/07\/Still-Teaser.png);\"><div class=\"gt-overlay\" style=\"background-color: #dd6e6e;opacity: 0.05;\"><\/div><a href=\"https:\/\/youtu.be\/iVFjZTIDc8w&amp;autoplay=1&amp;rel=0&amp;controls=1&amp;showinfo=1\" data-fancybox><svg version=\"1.1\" xmlns=\"https:\/\/www.w3.org\/2000\/svg\" xmlns:xlink=\"https:\/\/www.w3.org\/1999\/xlink\" viewBox=\"0 0 100 100\" enable-background=\"new 0 0 100 100\"> <path class=\"gt-stroke-solid\" fill=\"none\" stroke=\"currentColor\" d=\"M49.9,2.5C23.6,2.8,2.1,24.4,2.5,50.4C2.9,76.5,24.7,98,50.3,97.5c26.4-0.6,47.4-21.8,47.2-47.7 C97.3,23.7,75.7,2.3,49.9,2.5\"><\/path> <path class=\"gt-stroke\" fill=\"none\" stroke=\"currentColor\" d=\"M49.9,2.5C23.6,2.8,2.1,24.4,2.5,50.4C2.9,76.5,24.7,98,50.3,97.5c26.4-0.6,47.4-21.8,47.2-47.7 C97.3,23.7,75.7,2.3,49.9,2.5\"><\/path> <path class=\"gt-stroke-icon\" fill=\"currentColor\" d=\"M38,69c-1,0.5-1.8,0-1.8-1.1V32.1c0-1.1,0.8-1.6,1.8-1.1l34,18c1,0.5,1,1.4,0,1.9L38,69z\"><\/path> <\/svg><\/a><\/div>[\/vc_column][\/vc_row]<\/p>\n<\/section>","protected":false},"excerpt":{"rendered":"<p>[vc_row full_width=&#8221;stretch_row_content&#8221; background-position=&#8221;top-center&#8221; css=&#8221;.vc_custom_1688981391642{background-image: url(https:\/\/arsenie.viatadeapoi.ro\/wp-content\/uploads\/2023\/07\/Arsenie_Viata-de-Apoi_Foto-Schimbarea-2.jpg?id=4105) !important;}&#8221;][vc_column background-position=&#8221;right-bottom&#8221; css=&#8221;.vc_custom_1688980567861{padding-top: 35vh !important;}&#8221;][\/vc_column][\/vc_row][vc_row full_width=&#8221;stretch_row_content_no_spaces&#8221; background-position=&#8221;top-center&#8221; css=&#8221;.vc_custom_1691416183816{margin-top: -20px !important;border-top-width: -10px !important;padding-top: -10px !important;background: #a88219 url(https:\/\/demo.gloriathemes.com\/noxe\/demo\/wp-content\/uploads\/2020\/02\/movie-footer.png?id=1181) !important;background-position: center !important;background-repeat: no-repeat&#8230;<\/p>\n","protected":false},"author":1,"featured_media":3931,"parent":2023,"menu_order":0,"comment_status":"closed","ping_status":"closed","template":"","meta":{"footnotes":""},"class_list":["post-990","page","type-page","status-publish","has-post-thumbnail","hentry"],"_links":{"self":[{"href":"https:\/\/arsenie.viatadeapoi.ro\/index.php?rest_route=\/wp\/v2\/pages\/990","targetHints":{"allow":["GET"]}}],"collection":[{"href":"https:\/\/arsenie.viatadeapoi.ro\/index.php?rest_route=\/wp\/v2\/pages"}],"about":[{"href":"https:\/\/arsenie.viatadeapoi.ro\/index.php?rest_route=\/wp\/v2\/types\/page"}],"author":[{"embeddable":true,"href":"https:\/\/arsenie.viatadeapoi.ro\/index.php?rest_route=\/wp\/v2\/users\/1"}],"replies":[{"embeddable":true,"href":"https:\/\/arsenie.viatadeapoi.ro\/index.php?rest_route=%2Fwp%2Fv2%2Fcomments&post=990"}],"version-history":[{"count":86,"href":"https:\/\/arsenie.viatadeapoi.ro\/index.php?rest_route=\/wp\/v2\/pages\/990\/revisions"}],"predecessor-version":[{"id":4477,"href":"https:\/\/arsenie.viatadeapoi.ro\/index.php?rest_route=\/wp\/v2\/pages\/990\/revisions\/4477"}],"up":[{"embeddable":true,"href":"https:\/\/arsenie.viatadeapoi.ro\/index.php?rest_route=\/wp\/v2\/pages\/2023"}],"wp:featuredmedia":[{"embeddable":true,"href":"https:\/\/arsenie.viatadeapoi.ro\/index.php?rest_route=\/wp\/v2\/media\/3931"}],"wp:attachment":[{"href":"https:\/\/arsenie.viatadeapoi.ro\/index.php?rest_route=%2Fwp%2Fv2%2Fmedia&parent=990"}],"curies":[{"name":"wp","href":"https:\/\/api.w.org\/{rel}","templated":true}]}}